{"id":6685,"date":"2020-10-29T13:54:40","date_gmt":"2020-10-29T12:54:40","guid":{"rendered":"https:\/\/teilhabekoordination-sachsen.de\/startseite\/"},"modified":"2021-01-11T16:44:27","modified_gmt":"2021-01-11T15:44:27","slug":"startseite","status":"publish","type":"page","link":"https:\/\/teilhabekoordination-sachsen.de\/ls\/startseite\/","title":{"rendered":"Startseite"},"content":{"rendered":"<p>[vc_row type=&#8221;full_width_background&#8221; top_padding=&#8221;90&#8243; bottom_padding=&#8221;0&#8243;][vc_column][vc_row_inner][vc_column_inner][vc_column_text]<\/p>\n<h1>\u00dcber unser Projekt<\/h1>\n<p>[\/vc_column_text][vc_column_text]<\/p>\n<h3>Unser Projekt hei\u00dft: Fach\u00b7Stelle Teilhabe\u00b7Koordination.<\/h3>\n<p>[\/vc_column_text][\/vc_column_inner][\/vc_row_inner][vc_empty_space height=&#8221;20px&#8221;][vc_column_text][\/vc_column_text][\/vc_column][\/vc_row][vc_row type=&#8221;full_width_background&#8221; top_padding=&#8221;0&#8243; bottom_padding=&#8221;90&#8243;][vc_column][vc_row_inner][vc_column_inner width=&#8221;1\/2&#8243;][vc_column_text]<\/p>\n<p style=\"text-align: left;\">Teilhabe\u00b7Koordination ist ein schwieriges Wort.<\/p>\n<p style=\"text-align: left;\"><strong>Teilhabe bedeutet:<\/strong><br \/>\nAlle Menschen sollen teilhaben d\u00fcrfen.<br \/>\nUnd das von Anfang an.<br \/>\nKoordination bedeutet:<br \/>\nWir arbeiten mit anderen Menschen zusammen<br \/>\nund sprechen viel mit den Menschen.[\/vc_column_text][vc_column_text]<\/p>\n<h3>Was wir machen<\/h3>\n<p><strong>Unser Ziel ist:<\/strong><br \/>\nAlle Menschen d\u00fcrfen mitmachen.<br \/>\nAuch Menschen mit Behinderungen.<br \/>\nNoch ist das nicht \u00fcberall so.<br \/>\nManches ist gut, manches ist schlecht.<\/p>\n<p>Damit es besser wird m\u00fcssen wir immer wieder mit Politikern reden.<br \/>\nPolitiker entscheiden viele wichtige Dinge.<br \/>\nSie machen zum Beispiel Gesetze.<br \/>\nWir wollen uns einbringen, wenn neue Gesetze entstehen.<br \/>\nWir fordern auf, dass bestehende Gesetze \u00fcberpr\u00fcft werden.<br \/>\nDenn Bedarfe \u00e4ndern sich.[\/vc_column_text][vc_empty_space height=&#8221;20px&#8221;][\/vc_column_inner][vc_column_inner width=&#8221;1\/2&#8243;][vc_column_text]Wir unterst\u00fctzen auch<\/p>\n<ul>\n<li>die UN-Behinderten\u00b7Rechts\u00b7Konvention und<\/li>\n<li>den Aktions\u00b7Plan Sachsen.<\/li>\n<\/ul>\n<p>Die UN\u00b7Behinderten\u00b7Rechts\u00b7Konvention ist ein Vertrag.<br \/>\nDarin stehen die Rechte der Menschen mit Behinderung.<br \/>\nUN ist die Abk\u00fcrzung f\u00fcr die englischen W\u00f6rter: United Nations.<br \/>\nAuf deutsch hei\u00dft das: Vereinte Nationen.<br \/>\nBei den Vereinten Nationen machen die meisten L\u00e4nder der Welt mit.<br \/>\nIn der UN\u00b7Behinderten\u00b7Rechts\u00b7Konvention haben sich die L\u00e4nder auf eine Sache geeinigt:<br \/>\nBehinderte und nicht behinderte Menschen sollen die gleichen Rechte haben.<\/p>\n<p>Der Aktions\u00b7Plan Sachsen ist ein Arbeits\u00b7Plan.<br \/>\nAn dem Plan haben viele Menschen zusammengearbeitet.<br \/>\nAuch Menschen mit Behinderungen haben daran gearbeitet.<br \/>\nUnd alle B\u00fcrger konnten ihre Meinung dazu sagen.<br \/>\nDas war sehr wichtig.<br \/>\nDer Plan hat viele Aufgaben f\u00fcr die n\u00e4chsten Jahre.<br \/>\nMit dem Plan k\u00f6nnen wir alle Hindernisse abbauen.<\/p>\n<p>Hier ist der ganze Aktions\u00b7Plan im Internet: <a href=\"https:\/\/publikationen.sachsen.de\/bdb\/artikel\/28411\/\" target=\"_blank\" rel=\"noopener noreferrer\">https:\/\/publikationen.sachsen.de\/bdb\/artikel\/28411\/<\/a> lesen[\/vc_column_text][\/vc_column_inner][\/vc_row_inner][vc_row_inner][vc_column_inner][\/vc_column_inner][\/vc_row_inner][vc_row_inner][vc_column_inner][vc_empty_space height=&#8221;20px&#8221;][\/vc_column_inner][\/vc_row_inner][\/vc_column][\/vc_row][vc_row type=&#8221;full_width_background&#8221; bg_color=&#8221;#f6f6f6&#8243; top_padding=&#8221;90&#8243; bottom_padding=&#8221;0&#8243;][vc_column][vc_custom_heading text=&#8221;Unsere&#8221; font_container=&#8221;tag:h2|font_size:14px|text_align:center|color:%23b3b3b3|line_height:30px&#8221; google_fonts=&#8221;font_family:Lato%3A100%2C100italic%2C300%2C300italic%2Cregular%2Citalic%2C700%2C700italic%2C900%2C900italic|font_style:400%20regular%3A400%3Anormal&#8221;][block_title inner_style_title=&#8221;only_text&#8221; padding_desc=&#8221;9%&#8221; title=&#8221;Handlungsfelder&#8221;]Wir arbeiten in 6 Bereichen.[\/block_title][vc_row_inner css=&#8221;.vc_custom_1603880079407{padding-bottom: 20px !important;}&#8221;][vc_column_inner width=&#8221;1\/3&#8243;][services_medium title=&#8221;Bildung&#8221; style=&#8221;style_2&#8243; icon_bool=&#8221;image&#8221; dynamic_content_link=&#8221;https:\/\/teilhabekoordination-sachsen.de\/handlungsfelder\/bildung\/&#8221;]Alles was ein Mensch wei\u00df, ist seine Bildung.<br \/>\nUnd alles was ein Mensch kann, ist seine Bildung.[\/services_medium][\/vc_column_inner][vc_column_inner width=&#8221;1\/3&#8243;][services_medium title=&#8221;Arbeit&#8221; style=&#8221;style_2&#8243; icon_bool=&#8221;image&#8221; dynamic_content_link=&#8221;https:\/\/teilhabekoordination-sachsen.de\/handlungsfelder\/arbeit\/&#8221;]Alle Menschen haben das Recht auf Arbeit.<br \/>\nJeder darf entscheiden, wo er arbeitet.[\/services_medium][\/vc_column_inner][vc_column_inner width=&#8221;1\/3&#8243;][services_medium title=&#8221;Mobilit\u00e4t&#8221; style=&#8221;style_2&#8243; icon_bool=&#8221;image&#8221;]Das bedeutet: unterwegs sein.<br \/>\nAlle Menschen sollen an den Ort kommen, wo sie hin m\u00f6chten.[\/services_medium][\/vc_column_inner][\/vc_row_inner][vc_row_inner css=&#8221;.vc_custom_1603880545622{padding-top: 10px !important;}&#8221;][vc_column_inner width=&#8221;1\/3&#8243;][services_medium title=&#8221;Gesundheit&#8221; style=&#8221;style_2&#8243; icon_bool=&#8221;image&#8221;]Die Gesundheit ist f\u00fcr alle Menschen wichtig.<br \/>\nJeder Mensch muss die Medizin und Hilfe bekommen, die er braucht.[\/services_medium][\/vc_column_inner][vc_column_inner width=&#8221;1\/3&#8243;][services_medium title=&#8221;Wohn-Raum und Sozial-Raum&#8221; style=&#8221;style_2&#8243; icon_bool=&#8221;image&#8221;]Das bedeutet: Wie wir wohnen und wo wir wohnen und alle leben gut zusammen.[\/services_medium][\/vc_column_inner][vc_column_inner width=&#8221;1\/3&#8243;][services_medium title=&#8221;Gesellschaftliche Teilhabe&#8221; style=&#8221;style_2&#8243; icon_bool=&#8221;image&#8221;]Alle d\u00fcrfen in der Gesellschaft mitmachen.<br \/>\nUnd alles soll f\u00fcr alle Menschen zug\u00e4nglich sein. Zum Beispiel im Internet oder im Sport.[\/services_medium][\/vc_column_inner][\/vc_row_inner][media alignment=&#8221;center&#8221; shadow=&#8221;no&#8221; image=&#8221;6707&#8243; width=&#8221;1100&#8243;][\/vc_column][\/vc_row][vc_row type=&#8221;full_width_background&#8221; bg_image=&#8221;6018&#8243; parallax_bg=&#8221;true&#8221; overlay=&#8221;true&#8221; overlay_color=&#8221;rgba(22,22,22,0.84)&#8221; text_color=&#8221;light&#8221; top_padding=&#8221;90&#8243; bottom_padding=&#8221;110&#8243;][vc_column][block_title inner_style_title=&#8221;only_text&#8221; title=&#8221;Unsere\u202fZiele&#8221;]Menschen mit und ohne Behinderungen sollen die gleichen Rechte haben.[\/block_title][testimonial_carousel test_cat=&#8221;61&#8243;][\/vc_column][\/vc_row][vc_row type=&#8221;full_width_background&#8221; bg_color=&#8221;#f6f6f6&#8243; top_padding=&#8221;90&#8243; bottom_padding=&#8221;90&#8243;][vc_column][block_title inner_style_title=&#8221;only_text&#8221; title=&#8221;Aktuelles&#8221;]Aktuelle Informationen zu Teilhabe, Inklusion, Selbstvertretung und Selbsthilfe von Menschen mit Behinderung und chronischer Erkrankung, ihre Angeh\u00f6rigen, Freunde und Partner[\/block_title][latest_blog style=&#8221;boxed&#8221;][\/vc_column][\/vc_row][vc_row type=&#8221;full_width_background&#8221; bg_color=&#8221;#f6f6f6&#8243; top_padding=&#8221;45&#8243; bottom_padding=&#8221;90&#8243;][vc_column width=&#8221;1\/2&#8243;][vc_empty_space height=&#8221;30px&#8221;][block_title style=&#8221;column_title&#8221; title=&#8221;Kontakt&#8221; second_title=&#8221;Sie k\u00f6nnen uns \u00fcber dieses Formular eine Nachricht zukommen lassen.&#8221;]We have worked hard to make this great theme which has infinite possibilities, the possibility to customize everything, a lot of style options.[\/block_title][block_title style=&#8221;column_title&#8221; second_title=&#8221;Ihre angegebene E-Mail-Adresse wird ausschlie\u00dflich zur Beantwortung Ihrer Anfrage bzw. Hinweise verwendet.&#8221;]We have worked hard to make this great theme which has infinite possibilities, the possibility to customize everything, a lot of style options.[\/block_title][block_title style=&#8221;column_title&#8221; second_title=&#8221;Die mit * gekennzeichneten Felder sind Pflichtfelder.&#8221;]We have worked hard to make this great theme which has infinite possibilities, the possibility to customize everything, a lot of style options.[\/block_title][\/vc_column][vc_column width=&#8221;1\/12&#8243;][\/vc_column][vc_column width=&#8221;5\/12&#8243; css=&#8221;.vc_custom_1466597534122{padding: 60px !important;background-color: #ffffff !important;}&#8221;][vc_custom_heading text=&#8221;Schreiben Sie uns&#8221; font_container=&#8221;tag:h2|font_size:20px|text_align:left|line_height:52px&#8221; google_fonts=&#8221;font_family:Lato%3A100%2C100italic%2C300%2C300italic%2Cregular%2Citalic%2C700%2C700italic%2C900%2C900italic|font_style:400%20regular%3A400%3Anormal&#8221;]\n<div class=\"wpcf7 no-js\" id=\"wpcf7-f6539-o1\" lang=\"de-DE\" dir=\"ltr\" data-wpcf7-id=\"6539\">\n<div class=\"screen-reader-response\"><p role=\"status\" aria-live=\"polite\" aria-atomic=\"true\"><\/p> <ul><\/ul><\/div>\n<form action=\"\/ls\/wp-json\/wp\/v2\/pages\/6685#wpcf7-f6539-o1\" method=\"post\" class=\"wpcf7-form init\" aria-label=\"Contact form\" novalidate=\"novalidate\" data-status=\"init\">\n<fieldset class=\"hidden-fields-container\"><input type=\"hidden\" name=\"_wpcf7\" value=\"6539\" \/><input type=\"hidden\" name=\"_wpcf7_version\" value=\"6.1\" \/><input type=\"hidden\" name=\"_wpcf7_locale\" value=\"de_DE\" \/><input type=\"hidden\" name=\"_wpcf7_unit_tag\" value=\"wpcf7-f6539-o1\" \/><input type=\"hidden\" name=\"_wpcf7_container_post\" value=\"0\" \/><input type=\"hidden\" name=\"_wpcf7_posted_data_hash\" value=\"\" \/>\n<\/fieldset>\n<div class=\"lsstable\">\n\t<div class=\"lssrow\">\n\t\t<div class=\"lsscol\">\n\t\t\t<p><label>Name*<br \/>\n<span class=\"wpcf7-form-control-wrap\" data-name=\"your-name\"><input size=\"40\" maxlength=\"400\" class=\"wpcf7-form-control wpcf7-text wpcf7-validates-as-required\" aria-required=\"true\" aria-invalid=\"false\" value=\"\" type=\"text\" name=\"your-name\" \/><\/span> <\/label>\n\t\t\t<\/p>\n\t\t<\/div>\n\t\t<div class=\"lsscol\">\n\t\t\t<p><label>E-Mail-Adresse*<br \/>\n<span class=\"wpcf7-form-control-wrap\" data-name=\"your-email\"><input size=\"40\" maxlength=\"400\" class=\"wpcf7-form-control wpcf7-email wpcf7-validates-as-required wpcf7-text wpcf7-validates-as-email\" aria-required=\"true\" aria-invalid=\"false\" value=\"\" type=\"email\" name=\"your-email\" \/><\/span> <\/label>\n\t\t\t<\/p>\n\t\t<\/div>\n\t<\/div>\n<\/div>\n<p><label>Nachricht*<br \/>\n<span class=\"wpcf7-form-control-wrap\" data-name=\"your-message\"><textarea cols=\"40\" rows=\"3\" maxlength=\"2000\" class=\"wpcf7-form-control wpcf7-textarea wpcf7-validates-as-required\" aria-required=\"true\" aria-invalid=\"false\" name=\"your-message\"><\/textarea><\/span> <\/label>\n<\/p>\n<p><input class=\"wpcf7-form-control wpcf7-submit has-spinner\" type=\"submit\" value=\"Absenden\" \/>\n<\/p>\n<p><small>*Pflichtfeld<\/small>\n<\/p><div class=\"wpcf7-response-output\" aria-hidden=\"true\"><\/div>\n<\/form>\n<\/div>\n[\/vc_column][\/vc_row]<\/p>\n","protected":false},"excerpt":{"rendered":"<p>[vc_row type=&#8221;full_width_background&#8221; top_padding=&#8221;90&#8243; bottom_padding=&#8221;0&#8243;][vc_column][vc_row_inner][vc_column_inner][vc_column_text] \u00dcber unser Projekt [\/vc_column_text][vc_column_text] Unser Projekt hei\u00dft: Fach\u00b7Stelle Teilhabe\u00b7Koordination. [\/vc_column_text][\/vc_column_inner][\/vc_row_inner][vc_empty_space height=&#8221;20px&#8221;][vc_column_text][\/vc_column_text][\/vc_column][\/vc_row][vc_row type=&#8221;full_width_background&#8221; top_padding=&#8221;0&#8243; bottom_padding=&#8221;90&#8243;][vc_column][vc_row_inner][vc_column_inner width=&#8221;1\/2&#8243;][vc_column_text] Teilhabe\u00b7Koordination ist ein schwieriges Wort. Teilhabe bedeutet: Alle Menschen sollen teilhaben d\u00fcrfen. Und das von Anfang an. Koordination bedeutet: Wir arbeiten mit anderen Menschen zusammen und sprechen viel mit den Menschen.[\/vc_column_text][vc_column_text] Was wir machen Unser Ziel [&hellip;]<\/p>\n","protected":false},"author":5,"featured_media":0,"parent":0,"menu_order":0,"comment_status":"closed","ping_status":"closed","template":"","meta":{"footnotes":""},"class_list":["post-6685","page","type-page","status-publish","hentry"],"_links":{"self":[{"href":"https:\/\/teilhabekoordination-sachsen.de\/ls\/wp-json\/wp\/v2\/pages\/6685","targetHints":{"allow":["GET"]}}],"collection":[{"href":"https:\/\/teilhabekoordination-sachsen.de\/ls\/wp-json\/wp\/v2\/pages"}],"about":[{"href":"https:\/\/teilhabekoordination-sachsen.de\/ls\/wp-json\/wp\/v2\/types\/page"}],"author":[{"embeddable":true,"href":"https:\/\/teilhabekoordination-sachsen.de\/ls\/wp-json\/wp\/v2\/users\/5"}],"replies":[{"embeddable":true,"href":"https:\/\/teilhabekoordination-sachsen.de\/ls\/wp-json\/wp\/v2\/comments?post=6685"}],"version-history":[{"count":16,"href":"https:\/\/teilhabekoordination-sachsen.de\/ls\/wp-json\/wp\/v2\/pages\/6685\/revisions"}],"predecessor-version":[{"id":7008,"href":"https:\/\/teilhabekoordination-sachsen.de\/ls\/wp-json\/wp\/v2\/pages\/6685\/revisions\/7008"}],"wp:attachment":[{"href":"https:\/\/teilhabekoordination-sachsen.de\/ls\/wp-json\/wp\/v2\/media?parent=6685"}],"curies":[{"name":"wp","href":"https:\/\/api.w.org\/{rel}","templated":true}]}}